{"id":11,"date":"2019-03-29T12:26:55","date_gmt":"2019-03-29T11:26:55","guid":{"rendered":"http:\/\/fahrschule-floeter.de\/?page_id=11"},"modified":"2023-09-19T19:47:23","modified_gmt":"2023-09-19T18:47:23","slug":"datenschutzerklaerung","status":"publish","type":"page","link":"http:\/\/fahrschule-floeter.de\/?page_id=11","title":{"rendered":"Datenschutzerkl\u00e4rung"},"content":{"rendered":"\n<p><strong>Datenschutzerkl\u00e4rung<\/strong><\/p>\n\n\n\n<p>Unsere Website und unsere anderen Onlinepr\u00e4senzen dienen dazu, Sie \u00fcber unser Angebot zu informieren und mit Ihnen zu kommunizieren. In diesem Rahmen erheben und verarbeiten wir von Ihnen personenbezogene Daten <\/p>\n\n\n\n<p>Mit dieser Datenschutzerkl\u00e4rung erl\u00e4utern wir, welche personenbezogenen Daten auf unserer Website sowie unseren anderen Onlinepr\u00e4senzen, wie z.B. unseren Social Media Profilen, erhoben werden, zu welchem Zweck und auf welcher rechtlichen Grundlage dies geschieht.<\/p>\n\n\n\n<p>Weiterhin erl\u00e4utern wir, welche Rechte Ihnen in Bezug auf die Daten zustehen.<\/p>\n\n\n\n<p><strong>1  Verantwortlichkeit<\/strong><\/p>\n\n\n\n<p>Der Verantwortliche f\u00fcr diese Website ist:<\/p>\n\n\n\n<p>Fahrschule Roland Fl\u00f6ter<br> Roland Fl\u00f6ter<br> Finkenstr. 1, 71155 Altdorf<\/p>\n\n\n\n<p>Telefon: 07031\/632475 <br><br>info@fahrschule-floeter.de<\/p>\n\n\n\n<p><strong>2   Allgemeines <\/strong><\/p>\n\n\n\n<p><strong>2.1  personenbezogene Daten<\/strong><\/p>\n\n\n\n<p>Personenbezogene Daten sind alle Informationen, die etwas \u00fcber einen bestimmte Person aussagen, z. B. Namen, Adresse usw. Personenbezogen sind dabei nicht nur Daten, bei denen die Person direkt erkennbar ist, sondern auch, wenn die Person erst noch identifiziert werden muss (z. B. \u00fcber Kundennummer oder IP-Adresse).<\/p>\n\n\n\n<p><strong>2.2  Rechtsgrundlagen<\/strong><\/p>\n\n\n\n<p>Sofern im Folgenden die Rechtsgrundlage f\u00fcr die Verarbeitung nicht besonders genannt wird, gilt Folgendes: <\/p>\n\n\n\n<ul class=\"wp-block-list\">\n<li>Rechtsgrundlage f\u00fcr Verarbeitungsvorg\u00e4nge, f\u00fcr die wir eine Einwilligung der betroffenen Person einholen, ist Art. 6 Abs. 1 lit.a der DSGVO,<\/li>\n\n\n\n<li>Rechtsgrundlage f\u00fcr die Verarbeitung von Daten, die zur Erf\u00fcllung eines Vertrages (einschlie\u00dflich vorvertraglicher Ma\u00dfnahmen) erforderlich sind, ist Art. 6 Abs. 1 lit. b DSGVO,<\/li>\n\n\n\n<li>Rechtsgrundlage f\u00fcr die Verarbeitung von Daten, die zur Erf\u00fcllung einer rechtlichen Verpflichtung erforderlich sind, ist Art. 6 Abs. 1 lit. c DSGVO,<\/li>\n\n\n\n<li>Rechtsgrundlage f\u00fcr die Verarbeitung von Daten, die zur Wahrung unserer berechtigten Interessen erforderlich sind, ist Art. 6 Abs. 1 lit. f DSGVO. <\/li>\n\n\n\n<li>Sofern lebenswichtige Interessen der betroffenen Person oder einer anderen nat\u00fcrlichen Person eine Verarbeitung personenbezogener Daten erforderlich machen, ist Art. 6 Abs. 1 lit. d der DSGVO daf\u00fcr Rechtsgrundlage.<\/li>\n<\/ul>\n\n\n\n<p><strong>2.3  Speicherdauer und Datenl\u00f6schung<\/strong><\/p>\n\n\n\n<p>Ihre personenbezogenen Daten werden gel\u00f6scht oder gesperrt, sobald der Zweck der Speicherung entf\u00e4llt. Eine Speicherung kann dar\u00fcber hinaus erfolgen, wenn dies durch Verordnungen, Gesetzen oder sonstige Vorschriften, denen wir unterliegen, vorgesehen wird. Eine Sperrung oder L\u00f6schung der Daten erfolgt auch dann, wenn eine durch die genannten Normen vorgeschriebene Speicherfrist abl\u00e4uft, es sei denn, dass eine Erforderlichkeit zur weiteren Speicherung der Daten f\u00fcr einen Vertragsabschluss oder eine Vertragserf\u00fcllung besteht.<\/p>\n\n\n\n<p><strong>3  Datenerhebung und -verarbeitung<\/strong><\/p>\n\n\n\n<p><strong>3.1  Bereitstellung der Website und Erstellung von Logfiles<\/strong><\/p>\n\n\n\n<p>Bei jedem Aufruf unserer Internetseiten werden von uns bzw. unserem Hostinganbieter automatisiert Daten und Informationen vom Computersystem des aufrufenden Rechners erfasst. Dies sind: <\/p>\n\n\n\n<ul class=\"wp-block-list\">\n<li>Name der abgerufenen Webseite, <\/li>\n\n\n\n<li>Datum und Uhrzeit des Abrufs, <\/li>\n\n\n\n<li>Browsertyp und Version, das Betriebssystem des Nutzers,<\/li>\n\n\n\n<li>vorher besuchte Seite (Referrer URL), <\/li>\n\n\n\n<li>IP-Adresse des Nutzers und <\/li>\n\n\n\n<li>Internet Service Provider des Nutzers<\/li>\n<\/ul>\n\n\n\n<p>Diese Informationen werden von unserem Hosting Anbieter f\u00fcr die Dauer von maximal 7 Tagen in Logfiles gespeichert und danach gel\u00f6scht. Daten, deren weitere Aufbewahrung zu Beweiszwecken erforderlich ist, sind bis zur endg\u00fcltigen Kl\u00e4rung des jeweiligen Vorfalls von der L\u00f6schung ausgenommen.<\/p>\n\n\n\n<p>Die vor\u00fcbergehende Speicherung der IP-Adresse durch das System ist notwendig, um eine Auslieferung der Website an den Rechner des Nutzers zu erm\u00f6glichen.<\/p>\n\n\n\n<p>Die Erhebung dieser Daten erfolgt aufgrund des berechtigten Interesse an der Datenerhebung gem. Art. 6 Abs. 1 Satz 1 lit. f DSGVO.<\/p>\n\n\n\n<p>Die Speicherung in Logfiles erfolgt zur Sicherstellung der Sicherheit der informationstechnischen Systeme unseres Hostingproviders (z.B. zur Aufkl\u00e4rung von Missbrauchs- oder Betrugshandlungen).<\/p>\n\n\n\n<p>In diesen Zwecken liegt auch unser berechtigtes Interesse an der Datenverarbeitung nach Art. 6 Abs. 1 lit f DSGVO.<\/p>\n\n\n\n<p>Dar\u00fcberhinaus werden die Daten f\u00fcr einen Zeitraum von 6 Wochen uns in anonymisierter Form (d.h. mit verfremdeter IP Adresse) f\u00fcr Auswertungen zur Verf\u00fcgung gestellt. Ein R\u00fcckschluss auf eine konkrete Person ist aus diesen Daten nicht mehr m\u00f6glich.<\/p>\n\n\n\n<p>Die Erfassung der Daten zur Bereitstellung der Website und die Speicherung der Daten in Logfiles ist f\u00fcr den Betrieb der Internetseite zwingend erforderlich. Es besteht folglich seitens des Nutzers keine Widerspruchsm\u00f6glichkeit..<\/p>\n\n\n\n<p>Ein Vertrag zur Auftragsverarbeitung wurde von uns mit dem Hostingprovider abgeschlossen.<\/p>\n\n\n\n<p><strong>3.2  E Mail Kontakt<\/strong><\/p>\n\n\n\n<p>Auf unserer Website erm\u00f6glichen wir Ihnen, per e-mail mit uns Kontakt aufzunehmen. Sofern Sie per e-mail Kontakt  zu uns aufnehmen, werden die e-mail und die darin von Ihnen \u00fcbermittelten personenbezogenen Daten gespeichert. Die Daten werden ausschlie\u00dflich f\u00fcr die Durchf\u00fchrung der Konversation mit Ihnen gespeichert. <\/p>\n\n\n\n<p>Rechtsgrundlage f\u00fcr die Verarbeitung Ihrer Daten per e-mail \u00fcbersandten Daten ist Art. 6 Abs 1 lit f DSGVO. Zielt der e-mail Kontakt auf den Abschluss eines Vertrages ab, so ist zus\u00e4tzliche Rechtsgrundlage Art. 6 Abs. 1 Satz 1 lit. b DSGVO.<\/p>\n\n\n\n<p>Die Verarbeitung der personenbezogenen Daten dient uns allein zur Bearbeitung der Kontaktaufnahme.<\/p>\n\n\n\n<p>Ihre Nachrichten l\u00f6schen wir, wenn die jeweilige Konversation mit Ihnen beendet ist. Beendet ist die Konversation dann, wenn sich aus den Umst\u00e4nden entnehmen l\u00e4sst, dass der betroffene Sachverhalt abschlie\u00dfend gekl\u00e4rt ist. Des weiteren beachten wir die gesetzlichen Archivierungspflichten, z.B. f\u00fcr Gesch\u00e4ftsbriefe.<\/p>\n\n\n\n<p><strong>3.3  Onlinepr\u00e4senz innerhalb sozialer Netzwerke<\/strong><\/p>\n\n\n\n<p>Wir unterhalten Onlinepr\u00e4senzen innerhalb sozialer Netzwerke. Dies geschieht, um mit unseren dort aktiven Kunden, sowie Interessenten und Nutzern kommunizieren und sie dort \u00fcber unsere Leistungen informieren zu k\u00f6nnen. Beim Aufruf des Netzwerks gelten die Gesch\u00e4ftsbedingungen und die Datenverarbeitungsrichtlinien des jeweiligen Betreiber. <\/p>\n\n\n\n<p>Wir verarbeiten die Daten der Nutzer, die innerhalb sozialer Netzwerke mit uns kommunizieren, z.B. Beitr\u00e4ge auf unseren Onlinepr\u00e4senzen verfassen oder uns Nachrichten zusenden. F\u00fcr die von uns verarbeiteten und gespeicherten Daten gilt hinsichtlich Rechtsgrundlage, Zweck der Verarbeitung, Dauer der Speicherung und L\u00f6schung dabei das oben unter \u201ee-Mail Kontakt&#8220; gesagte.<\/p>\n\n\n\n<p><strong>4  Weitergabe Ihrer Daten an Dritte<\/strong><\/p>\n\n\n\n<p>Wir geben Ihre pers\u00f6nlichen Daten nicht an Dritte weiter. Ausnahme gelten f\u00fcr folgende F\u00e4lle:<\/p>\n\n\n\n<ul class=\"wp-block-list\">\n<li>Die Weitergabe ist nach Art. 6 Abs. 1 Satz 1 lit.mb DSGVO f\u00fcr die Abwicklung eines Vertrages mit Ihnen erforderlich.<\/li>\n\n\n\n<li>Sie sind ausdr\u00fccklich damit einverstanden;<\/li>\n\n\n\n<li>die Weitergabe ist nach Art. 6 Abs. 1 Satz 1 lit. f DSGVO zur Geltendmachung, Aus\u00fcbung oder Verteidigung von Rechtsanspr\u00fcchen erforderlich und es besteht kein Grund zur Annahme, dass Sie ein \u00fcberwiegendes schutzw\u00fcrdiges Interesse an der Nichtweitergabe Ihrer Daten haben;<\/li>\n\n\n\n<li>es besteht eine gesetzliche Pflicht f\u00fcr die Weitergabe nach Art. 6 Abs. 1 Satz 1 lit. c DSGVO;<\/li>\n<\/ul>\n\n\n\n<p><strong>5  Ihre Rechte<\/strong><\/p>\n\n\n\n<p>Wenn wir personenbezogene Daten von Ihnen verarbeiten, sind Sie Betroffener im Sinne der DSGVO und es stehen Ihnen folgende Rechte zu: <\/p>\n\n\n\n<p><strong>5.1  Recht auf Datenauskunft<\/strong><\/p>\n\n\n\n<p>Sie haben das Recht, von uns eine Best\u00e4tigung dar\u00fcber zu verlangen, ob personenbezogene Daten von Ihnen verarbeitet werden. <\/p>\n\n\n\n<p>Ist dies der Fall, so haben Sie ein Recht auf Auskunft auf folgende Informationen:<\/p>\n\n\n\n<ul class=\"wp-block-list\">\n<li>die Verarbeitungszwecke;<\/li>\n\n\n\n<li>die Kategorien der personenbezogener Daten, welche verarbeitet werden;<\/li>\n\n\n\n<li>die Empf\u00e4nger oder Kategorien von Empf\u00e4ngern, gegen\u00fcber denen Ihre  personenbezogenen Daten offengelegt worden sind oder noch offengelegt werden;<\/li>\n\n\n\n<li>die Dauer, f\u00fcr die die personenbezogenen Daten gespeichert werden, oder, falls dies nicht m\u00f6glich ist, die Kriterien f\u00fcr die Festlegung dieser Dauer;<\/li>\n\n\n\n<li>das Bestehen eines Rechts auf Berichtigung oder L\u00f6schung der Sie betreffenden personenbezogenen Daten oder auf Einschr\u00e4nkung der Verarbeitung durch uns oder eines Widerspruchsrechts gegen diese Verarbeitung;<\/li>\n\n\n\n<li>das Bestehen eines Beschwerderechts bei einer Aufsichtsbeh\u00f6rde;<\/li>\n\n\n\n<li>wenn die personenbezogenen Daten nicht bei Ihnen erhoben werden, alle verf\u00fcgbaren Informationen \u00fcber die Herkunft der Daten.<\/li>\n<\/ul>\n\n\n\n<p><strong>5.2  Recht auf Berichtigung<\/strong><\/p>\n\n\n\n<p>Sie k\u00f6nnen verlangen, dass unrichtige Daten mit Bezug zu Ihrer Person berichtigt werden und unvollst\u00e4ndige Daten erg\u00e4nzt werden.<\/p>\n\n\n\n<p><strong>5.3  Recht auf Widerruf der datenschutzrechtlichen Einwilligung<\/strong><\/p>\n\n\n\n<p>Sie k\u00f6nnen Ihre Einwilligung in die Verarbeitung Ihrer personenbezogenen Daten durch uns jederzeit ohne Angaben von Gr\u00fcnden f\u00fcr die Zukunft widerrufen. Dies hat keinen Einfluss auf die Rechtm\u00e4\u00dfigkeit der aufgrund der Einwilligung bis zum Widerruf erfolgten Datenverarbeitung.<\/p>\n\n\n\n<p><strong>5.4  Recht auf Datenl\u00f6schung<\/strong><\/p>\n\n\n\n<p>Sie k\u00f6nnen von uns die unverz\u00fcgliche L\u00f6schung Ihrer gespeicherten personenbezogenen Daten verlangen, und wir sind verpflichtet, die Daten unverz\u00fcglich zu l\u00f6schen, wenn einer der folgenden Gr\u00fcnde vorliegt:<\/p>\n\n\n\n<ul class=\"wp-block-list\">\n<li>Die personenbezogenen Daten sind f\u00fcr die Zwecke, f\u00fcr die sie erhoben oder auf sonstige Weise verarbeitet wurden, nicht mehr notwendig.<\/li>\n\n\n\n<li>Sie widerrufen Ihre Einwilligung, auf die sich die Verarbeitung st\u00fctzte, und es fehlt an einer anderweitigen Rechtsgrundlage f\u00fcr die Verarbeitung.<\/li>\n\n\n\n<li>Sie legen gem.Art. 21&nbsp;Abs. 1 DSGVO Widerspruch gegen die Verarbeitung ein und es liegen keine vorrangigen berechtigten Gr\u00fcnde f\u00fcr die Verarbeitung vor, oder Sie legen gem.&nbsp;Art. 21 Abs. 2 DSGVO Widerspruch gegen die Verarbeitung ein.<\/li>\n\n\n\n<li>Die personenbezogenen Daten wurden unrechtm\u00e4\u00dfig verarbeitet.<\/li>\n\n\n\n<li>Die L\u00f6schung der personenbezogenen Daten ist zur Erf\u00fcllung einer rechtlichen Verpflichtung, der wir unterliegen, erforderlich. <\/li>\n\n\n\n<li>Die personenbezogenen Daten wurden in Bezug auf angebotene Dienste der Informationsgesellschaft gem. Art. 8 Abs. 1 DSGVO erhoben.<\/li>\n<\/ul>\n\n\n\n<p>Das Recht auf Datenl\u00f6schung besteht u.a. nicht, soweit die Verarbeitung Ihrer personenbezogenen Daten zu folgenden Zwecken erforderlich ist:<\/p>\n\n\n\n<ul class=\"wp-block-list\">\n<li>zur Aus\u00fcbung des Rechts auf freie Meinungs\u00e4u\u00dferung und Information,<\/li>\n\n\n\n<li>zur Erf\u00fcllung einer rechtlichen Verpflichtung oder<\/li>\n\n\n\n<li>zur Geltendmachung, Aus\u00fcbung oder Verteidigung von Rechtsanspr\u00fcchen.<\/li>\n<\/ul>\n\n\n\n<p><strong>5.5  Recht auf Einschr\u00e4nkung der Verarbeitung<\/strong><\/p>\n\n\n\n<p>Sie haben das Recht, die Einschr\u00e4nkung der Verarbeitung der sie betreffenden personenbezogenen Daten zu verlangen, wenn eine der folgenden Voraussetzungen gegeben ist:<\/p>\n\n\n\n<ul class=\"wp-block-list\">\n<li>Sie bestreiten, dass Ihre personenbezogenen Daten richtig sind. Das Recht auf Einschr\u00e4nkung der Verarbeitung steht Ihnen f\u00fcr den Zeitraum zu, der die \u00dcberpr\u00fcfung der Richtigkeit der Daten erm\u00f6glicht. <\/li>\n\n\n\n<li>Die Verarbeitung ist unrechtm\u00e4\u00dfig und Sie lehnen die L\u00f6schung der personenbezogenen Daten ab und verlangen stattdessen die Einschr\u00e4nkung der Nutzung der personenbezogenen Daten.<\/li>\n\n\n\n<li>Die personenbezogenen Daten werden f\u00fcr die Verarbeitung durch uns nicht mehr ben\u00f6tigt, Sie ben\u00f6tigen die Daten jedoch zur Geltendmachung, Aus\u00fcbung oder Verteidigung von Rechtsanspr\u00fcchen.<\/li>\n\n\n\n<li>Sie haben Widerspruch gegen die Verarbeitung gem. Art. 21 Abs 1 DSGVO eingelegt und es steht noch nicht fest, ob unsere berechtigten Gr\u00fcnde Ihre Gr\u00fcnde \u00fcberwiegen.<\/li>\n<\/ul>\n\n\n\n<p>Wurde die Datenverarbeitung eingeschr\u00e4nkt, d\u00fcrfen diese personenbezogenen Daten \u2013 von ihrer Speicherung abgesehen \u2013 nur mit Ihrer Einwilligung oder zur Geltendmachung, Aus\u00fcbung oder Verteidigung von Rechtsanspr\u00fcchen oder zum Schutz der Rechte einer anderen nat\u00fcrlichen oder juristischen Person oder aus Gr\u00fcnden eines wichtigen \u00f6ffentlichen Interesses der Union oder eines Mitgliedstaats verarbeiten.<\/p>\n\n\n\n<p><strong>5.6  Recht auf Unterrichtung<\/strong><\/p>\n\n\n\n<p>Haben Sie das Recht auf Berichtigung, L\u00f6schung oder Einschr\u00e4nkung der Verarbeitung gegen\u00fcber uns geltend gemacht, sind wir verpflichtet, allen Empf\u00e4ngern, denen die Sie betreffenden personenbezogenen Daten offengelegt wurden, diese Berichtigung oder L\u00f6schung der Daten oder Einschr\u00e4nkung der Verarbeitung mitzuteilen, es sei denn, dies erweist sich als unm\u00f6glich oder ist mit einem unverh\u00e4ltnism\u00e4\u00dfigen Aufwand verbunden.<\/p>\n\n\n\n<p>Ihnen steht gegen\u00fcber uns das Recht zu, \u00fcber diese Empf\u00e4nger unterrichtet zu werden.<\/p>\n\n\n\n<p><strong>5.7  Recht auf Daten\u00fcbertragbarkeit<\/strong><\/p>\n\n\n\n<p>Sie haben das Recht, die Sie betreffenden personenbezogenen Daten, die Sie uns bereitgestellt haben, in einem strukturierten, g\u00e4ngigen und maschinenlesbaren Format zu erhalten und einem anderen Verantwortlichen, ohne von uns dabei behindert zu werden,  zu \u00fcbermitteln.<\/p>\n\n\n\n<p>Sie haben ferner das Recht, zu erwirken, dass die Sie betreffenden personenbezogenen Daten direkt von uns einem anderen Verantwortlichen \u00fcbermittelt werden, sofern dies technisch machbar ist.<\/p>\n\n\n\n<p><strong>5.8  Recht auf Beschwerde bei der Aufsichtsbeh\u00f6rde<\/strong><\/p>\n\n\n\n<p>Unbeschadet eines anderweitigen verwaltungsrechtlichen oder gerichtlichen Rechtsbehelfs haben Sie das Recht, sich bei einer Aufsichtsbeh\u00f6rde zu beschweren, wenn Sie der Ansicht sind, dass die Verarbeitung der Sie betreffenden personenbezogenen Daten gegen die DSGVO verst\u00f6\u00dft. <\/p>\n\n\n\n<p>Sie k\u00f6nnen sich an eine Aufsichtsbeh\u00f6rde in dem Mitgliedstaat Ihres Aufenthaltsorts, Ihres Arbeitsplatzes oder des Ortes des mutma\u00dflichen Versto\u00dfes wenden.<\/p>\n\n\n\n<p><strong>5.9  Recht, keiner automatisierten Entscheidung unterworfen zu werden<\/strong><\/p>\n\n\n\n<p>Eine automatisierte Entscheidungsfindung &#8211; einschlie\u00dflich Profiling &#8211; findet durch uns nicht statt. Weitere Informationen zu dem Recht, nicht einer ausschlie\u00dflich auf einer automatisierten Verarbeitung basierenden Entscheidung unterworfen zu werden, er\u00fcbrigen sich daher.<\/p>\n","protected":false},"excerpt":{"rendered":"<p>Datenschutzerkl\u00e4rung Unsere Website und unsere anderen Onlinepr\u00e4senzen dienen dazu, Sie \u00fcber unser Angebot zu informieren und mit Ihnen zu kommunizieren. In diesem Rahmen erheben und verarbeiten wir von Ihnen personenbezogene Daten Mit dieser Datenschutzerkl\u00e4rung erl\u00e4utern wir, welche personenbezogenen Daten auf unserer Website sowie unseren anderen Onlinepr\u00e4senzen, wie z.B. unseren Social Media Profilen, erhoben werden, zu &hellip; <\/p>\n<p class=\"link-more\"><a href=\"http:\/\/fahrschule-floeter.de\/?page_id=11\" class=\"more-link\"><span class=\"screen-reader-text\">\u201eDatenschutzerkl\u00e4rung\u201c <\/span>weiterlesen<\/a><\/p>\n","protected":false},"author":1,"featured_media":0,"parent":0,"menu_order":0,"comment_status":"closed","ping_status":"closed","template":"","meta":{"footnotes":""},"class_list":["post-11","page","type-page","status-publish","hentry"],"_links":{"self":[{"href":"http:\/\/fahrschule-floeter.de\/index.php?rest_route=\/wp\/v2\/pages\/11","targetHints":{"allow":["GET"]}}],"collection":[{"href":"http:\/\/fahrschule-floeter.de\/index.php?rest_route=\/wp\/v2\/pages"}],"about":[{"href":"http:\/\/fahrschule-floeter.de\/index.php?rest_route=\/wp\/v2\/types\/page"}],"author":[{"embeddable":true,"href":"http:\/\/fahrschule-floeter.de\/index.php?rest_route=\/wp\/v2\/users\/1"}],"replies":[{"embeddable":true,"href":"http:\/\/fahrschule-floeter.de\/index.php?rest_route=%2Fwp%2Fv2%2Fcomments&post=11"}],"version-history":[{"count":5,"href":"http:\/\/fahrschule-floeter.de\/index.php?rest_route=\/wp\/v2\/pages\/11\/revisions"}],"predecessor-version":[{"id":281,"href":"http:\/\/fahrschule-floeter.de\/index.php?rest_route=\/wp\/v2\/pages\/11\/revisions\/281"}],"wp:attachment":[{"href":"http:\/\/fahrschule-floeter.de\/index.php?rest_route=%2Fwp%2Fv2%2Fmedia&parent=11"}],"curies":[{"name":"wp","href":"https:\/\/api.w.org\/{rel}","templated":true}]}}